{"id":4320,"date":"2022-11-12T14:04:05","date_gmt":"2022-11-12T14:04:05","guid":{"rendered":"https:\/\/carballodesantamargarida.org\/robusrobur\/?page_id=4320"},"modified":"2022-11-12T17:43:17","modified_gmt":"2022-11-12T17:43:17","slug":"repercusion-mediatica","status":"publish","type":"page","link":"https:\/\/carballodesantamargarida.org\/robusrobur\/index.php\/repercusion-mediatica\/","title":{"rendered":"Repercusi\u00f3n medi\u00e1tica"},"content":{"rendered":"\n<figure class=\"wp-block-image size-large is-resized\"><img loading=\"lazy\" src=\"https:\/\/carballodesantamargarida.org\/robusrobur\/wp-content\/uploads\/2022\/11\/20221112_Repercusion-mediatica-1024x171.png\" alt=\"\" class=\"wp-image-4322\" width=\"480\" height=\"80\" srcset=\"https:\/\/carballodesantamargarida.org\/robusrobur\/wp-content\/uploads\/2022\/11\/20221112_Repercusion-mediatica-1024x171.png 1024w, https:\/\/carballodesantamargarida.org\/robusrobur\/wp-content\/uploads\/2022\/11\/20221112_Repercusion-mediatica-300x50.png 300w, https:\/\/carballodesantamargarida.org\/robusrobur\/wp-content\/uploads\/2022\/11\/20221112_Repercusion-mediatica-768x129.png 768w, https:\/\/carballodesantamargarida.org\/robusrobur\/wp-content\/uploads\/2022\/11\/20221112_Repercusion-mediatica.png 1500w\" sizes=\"(max-width: 480px) 100vw, 480px\" \/><\/figure>\n\n\n\n<p>Aqu\u00ed la candidatura en titulares:<\/p>\n\n\n\n<ul><li>&#8220;El carballo pontevedr\u00e9s de Santa Margarita competir\u00e1 por ser el \u00e1rbol que represente a Espa\u00f1a en un certamen europeo&#8221;, La Voz de Galicia, 8 noviembre 2022.<\/li><li>&#8220;El carballo de Santa Margarida vuelve a postularse para llegar a la elecci\u00f3n del \u00c1rbol Europeo&#8221;, Diario de Pontevedra, 8 de noviembre 2022.<\/li><li>&#8220;El carballo de Santa Margarita necesita tu ayuda: quiere ser \u00c1rbol Europeo del A\u00f1o 2023&#8221;, Pontevedra Viva, 8 de noviembre 2022.<\/li><li>&#8220;El carballo de Santa Margarida, candidato a \u00c1rbol Europeo del A\u00f1o 2023&#8221;, Faro de Vigo, 8 de noviembre 2022.<\/li><li>&#8220;El Carballo de Santa Margarida situado en la parroquia pontevedresa de Mourente, candidato a \u00c1rbol Europeo del A\u00f1o&#8221;, El Correo Gallego, 8 de noviembre 2022.<\/li><li>&#8220;El carballo de Santa Margarida, en Pontevedra, se postula para ser el \u00c1rbol Europeo del A\u00f1o&#8221;, www.elespanol.com, 8 de noviembre 2022.<\/li><li>&#8220;El Carballo de Santa Margarida situado en la parroquia pontevedresa de Mourente, candidato a \u00c1rbol Europeo del A\u00f1o&#8221;, www.esradio.libertaddigital.com, 8 de noviembre 2022.<\/li><li>&#8220;El Carballo de Santa Margarida situado en Pontevedra, candidato a \u00c1rbol Europeo del A\u00f1o&#8221;, www.vivagalicia.tv, 8 de noviembre 2022.<\/li><li>&#8220;El Carballo de Santa Margarida de Mourente es candidato a \u00c1rbol Europeo del A\u00f1o&#8221;, www.niusdiario.es, 8 de noviembre 2022<\/li><li>&#8220;\u00bfA qu\u00e9 esperas para votar al carballo de Santa Margarita como \u00c1rbol del A\u00f1o en Espa\u00f1a 2023?&#8221;, COPE Pontevedra, 11 de noviembre 2022.<\/li><li>&#8220;Ya se puede votar por el Carballo de Santa Margarita en la &#8220;Eurovisi\u00f3n de los \u00e1rboles&#8221;, Onda Cero, 11 de noviembre 2022.<\/li><\/ul>\n\n\n\n<p><\/p>\n","protected":false},"excerpt":{"rendered":"<p>Aqu\u00ed la candidatura en titulares: &#8220;El carballo pontevedr\u00e9s de Santa Margarita competir\u00e1 por ser el \u00e1rbol que represente a Espa\u00f1a en un certamen europeo&#8221;, La Voz de Galicia, 8 noviembre 2022. &#8220;El carballo de Santa Margarida vuelve a postularse para llegar a la elecci\u00f3n del \u00c1rbol Europeo&#8221;, Diario de Pontevedra, 8 de noviembre 2022. &#8220;El [&hellip;]<\/p>\n","protected":false},"author":1,"featured_media":0,"parent":0,"menu_order":0,"comment_status":"closed","ping_status":"closed","template":"","meta":[],"yoast_head":"<!-- This site is optimized with the Yoast SEO plugin v15.3 - https:\/\/yoast.com\/wordpress\/plugins\/seo\/ -->\n<title>Repercusi\u00f3n medi\u00e1tica - Roble de Santa Margarita - Carballo de Santa Margarida<\/title>\n<meta name=\"robots\" content=\"index, follow, max-snippet:-1, max-image-preview:large, max-video-preview:-1\" \/>\n<link rel=\"canonical\" href=\"https:\/\/carballodesantamargarida.org\/robusrobur\/index.php\/repercusion-mediatica\/\" \/>\n<meta property=\"og:locale\" content=\"es_ES\" \/>\n<meta property=\"og:type\" content=\"article\" \/>\n<meta property=\"og:title\" content=\"Repercusi\u00f3n medi\u00e1tica - Roble de Santa Margarita - Carballo de Santa Margarida\" \/>\n<meta property=\"og:description\" content=\"Aqu\u00ed la candidatura en titulares: &#8220;El carballo pontevedr\u00e9s de Santa Margarita competir\u00e1 por ser el \u00e1rbol que represente a Espa\u00f1a en un certamen europeo&#8221;, La Voz de Galicia, 8 noviembre 2022. &#8220;El carballo de Santa Margarida vuelve a postularse para llegar a la elecci\u00f3n del \u00c1rbol Europeo&#8221;, Diario de Pontevedra, 8 de noviembre 2022. &#8220;El [&hellip;]\" \/>\n<meta property=\"og:url\" content=\"https:\/\/carballodesantamargarida.org\/robusrobur\/index.php\/repercusion-mediatica\/\" \/>\n<meta property=\"og:site_name\" content=\"Roble de Santa Margarita - Carballo de Santa Margarida\" \/>\n<meta property=\"article:publisher\" content=\"https:\/\/www.facebook.com\/ACRobusRobur\" \/>\n<meta property=\"article:modified_time\" content=\"2022-11-12T17:43:17+00:00\" \/>\n<meta property=\"og:image\" content=\"https:\/\/carballodesantamargarida.org\/robusrobur\/wp-content\/uploads\/2022\/11\/20221112_Repercusion-mediatica-1024x171.png\" \/>\n<meta name=\"twitter:card\" content=\"summary_large_image\" \/>\n<meta name=\"twitter:label1\" content=\"Escrito por\">\n\t<meta name=\"twitter:data1\" content=\"admin\">\n\t<meta name=\"twitter:label2\" content=\"Tiempo de lectura\">\n\t<meta name=\"twitter:data2\" content=\"1 minuto\">\n<script type=\"application\/ld+json\" class=\"yoast-schema-graph\">{\"@context\":\"https:\/\/schema.org\",\"@graph\":[{\"@type\":\"Organization\",\"@id\":\"https:\/\/carballodesantamargarida.org\/robusrobur\/#organization\",\"name\":\"Asociaci\\u00f3n Cultural Robus Robur\",\"url\":\"https:\/\/carballodesantamargarida.org\/robusrobur\/\",\"sameAs\":[\"https:\/\/www.facebook.com\/ACRobusRobur\",\"https:\/\/www.instagram.com\/robusrobur\/\",\"https:\/\/es.wikipedia.org\/wiki\/Archivo:Roble_de_Santa_Margarita.jpg\"],\"logo\":{\"@type\":\"ImageObject\",\"@id\":\"https:\/\/carballodesantamargarida.org\/robusrobur\/#logo\",\"inLanguage\":\"es\",\"url\":\"https:\/\/carballodesantamargarida.org\/robusrobur\/wp-content\/uploads\/2020\/12\/cropped-20201221_Logo-tronco-marron-con-nombre-2.jpg\",\"width\":160,\"height\":128,\"caption\":\"Asociaci\\u00f3n Cultural Robus Robur\"},\"image\":{\"@id\":\"https:\/\/carballodesantamargarida.org\/robusrobur\/#logo\"}},{\"@type\":\"WebSite\",\"@id\":\"https:\/\/carballodesantamargarida.org\/robusrobur\/#website\",\"url\":\"https:\/\/carballodesantamargarida.org\/robusrobur\/\",\"name\":\"Roble de Santa Margarita - Carballo de Santa Margarida\",\"description\":\"Patrimonio Natural y Cultural del Carballo de Santa Margarita (Robus Robur). Naturaleza, Biolog\\u00eda, zoolog\\u00eda, estaciones del a\\u00f1o, poes\\u00eda, fotograf\\u00edas, artes pl\\u00e1sticas, recuerdos familiares, historia y simbolismo el este roble. P\\u00e1gina gamificada, incluye juego del Bellota-game y reto del Bellota-game Agallas.\",\"publisher\":{\"@id\":\"https:\/\/carballodesantamargarida.org\/robusrobur\/#organization\"},\"potentialAction\":[{\"@type\":\"SearchAction\",\"target\":\"https:\/\/carballodesantamargarida.org\/robusrobur\/?s={search_term_string}\",\"query-input\":\"required name=search_term_string\"}],\"inLanguage\":\"es\"},{\"@type\":\"ImageObject\",\"@id\":\"https:\/\/carballodesantamargarida.org\/robusrobur\/index.php\/repercusion-mediatica\/#primaryimage\",\"inLanguage\":\"es\",\"url\":\"https:\/\/carballodesantamargarida.org\/robusrobur\/wp-content\/uploads\/2022\/11\/20221112_Repercusion-mediatica.png\",\"width\":1500,\"height\":251},{\"@type\":\"WebPage\",\"@id\":\"https:\/\/carballodesantamargarida.org\/robusrobur\/index.php\/repercusion-mediatica\/#webpage\",\"url\":\"https:\/\/carballodesantamargarida.org\/robusrobur\/index.php\/repercusion-mediatica\/\",\"name\":\"Repercusi\\u00f3n medi\\u00e1tica - Roble de Santa Margarita - Carballo de Santa Margarida\",\"isPartOf\":{\"@id\":\"https:\/\/carballodesantamargarida.org\/robusrobur\/#website\"},\"primaryImageOfPage\":{\"@id\":\"https:\/\/carballodesantamargarida.org\/robusrobur\/index.php\/repercusion-mediatica\/#primaryimage\"},\"datePublished\":\"2022-11-12T14:04:05+00:00\",\"dateModified\":\"2022-11-12T17:43:17+00:00\",\"inLanguage\":\"es\",\"potentialAction\":[{\"@type\":\"ReadAction\",\"target\":[\"https:\/\/carballodesantamargarida.org\/robusrobur\/index.php\/repercusion-mediatica\/\"]}]}]}<\/script>\n<!-- \/ Yoast SEO plugin. -->","_links":{"self":[{"href":"https:\/\/carballodesantamargarida.org\/robusrobur\/index.php\/wp-json\/wp\/v2\/pages\/4320"}],"collection":[{"href":"https:\/\/carballodesantamargarida.org\/robusrobur\/index.php\/wp-json\/wp\/v2\/pages"}],"about":[{"href":"https:\/\/carballodesantamargarida.org\/robusrobur\/index.php\/wp-json\/wp\/v2\/types\/page"}],"author":[{"embeddable":true,"href":"https:\/\/carballodesantamargarida.org\/robusrobur\/index.php\/wp-json\/wp\/v2\/users\/1"}],"replies":[{"embeddable":true,"href":"https:\/\/carballodesantamargarida.org\/robusrobur\/index.php\/wp-json\/wp\/v2\/comments?post=4320"}],"version-history":[{"count":3,"href":"https:\/\/carballodesantamargarida.org\/robusrobur\/index.php\/wp-json\/wp\/v2\/pages\/4320\/revisions"}],"predecessor-version":[{"id":4327,"href":"https:\/\/carballodesantamargarida.org\/robusrobur\/index.php\/wp-json\/wp\/v2\/pages\/4320\/revisions\/4327"}],"wp:attachment":[{"href":"https:\/\/carballodesantamargarida.org\/robusrobur\/index.php\/wp-json\/wp\/v2\/media?parent=4320"}],"curies":[{"name":"wp","href":"https:\/\/api.w.org\/{rel}","templated":true}]}}