{"id":4309,"date":"2022-11-12T12:56:08","date_gmt":"2022-11-12T12:56:08","guid":{"rendered":"https:\/\/carballodesantamargarida.org\/robusrobur\/?page_id=4309"},"modified":"2022-11-12T18:44:54","modified_gmt":"2022-11-12T18:44:54","slug":"arbol-del-ano-23","status":"publish","type":"page","link":"https:\/\/carballodesantamargarida.org\/robusrobur\/index.php\/arbol-del-ano-23\/","title":{"rendered":"\u00c1rbol del a\u00f1o 23"},"content":{"rendered":"\n<figure class=\"wp-block-image size-large is-resized\"><img loading=\"lazy\" src=\"https:\/\/carballodesantamargarida.org\/robusrobur\/wp-content\/uploads\/2022\/11\/20221112_Arbol-del-ano-2023-1024x171.png\" alt=\"\" class=\"wp-image-4310\" width=\"523\" height=\"87\" srcset=\"https:\/\/carballodesantamargarida.org\/robusrobur\/wp-content\/uploads\/2022\/11\/20221112_Arbol-del-ano-2023-1024x171.png 1024w, https:\/\/carballodesantamargarida.org\/robusrobur\/wp-content\/uploads\/2022\/11\/20221112_Arbol-del-ano-2023-300x50.png 300w, https:\/\/carballodesantamargarida.org\/robusrobur\/wp-content\/uploads\/2022\/11\/20221112_Arbol-del-ano-2023-768x129.png 768w, https:\/\/carballodesantamargarida.org\/robusrobur\/wp-content\/uploads\/2022\/11\/20221112_Arbol-del-ano-2023.png 1500w\" sizes=\"(max-width: 523px) 100vw, 523px\" \/><\/figure>\n\n\n\n<p>Tras un ard\u00fao trabajo de 2 a\u00f1os, la AC Robus Robur decidi\u00f3 presentar este a\u00f1o, la candidatura de Robustus Robur como &#8220;\u00c1rbol del a\u00f1o 2023&#8221;. Para poder conseguir esta distinci\u00f3n es necesario vencer a otros 8 \u00e1rboles espa\u00f1oles en una votaci\u00f3n popular. El que obtenga el mayor n\u00famero de votos de los 9 se  convertir\u00e1 en el &#8220;\u00c1rbol del a\u00f1o de 2023&#8221; y competir\u00e1 en Europa, representando a Espa\u00f1a, por ser el &#8220;\u00c1rbol Europeo del A\u00f1o 2023&#8221;.<\/p>\n\n\n\n<figure class=\"wp-block-table\"><table><tbody><tr><td><img loading=\"lazy\" width=\"851\" height=\"849\" class=\"wp-image-2764\" style=\"width: 175px;\" src=\"https:\/\/carballodesantamargarida.org\/robusrobur\/wp-content\/uploads\/2021\/04\/20210411_Hormiga-escritora.png\" alt=\"\" srcset=\"https:\/\/carballodesantamargarida.org\/robusrobur\/wp-content\/uploads\/2021\/04\/20210411_Hormiga-escritora.png 851w, https:\/\/carballodesantamargarida.org\/robusrobur\/wp-content\/uploads\/2021\/04\/20210411_Hormiga-escritora-300x300.png 300w, https:\/\/carballodesantamargarida.org\/robusrobur\/wp-content\/uploads\/2021\/04\/20210411_Hormiga-escritora-150x150.png 150w, https:\/\/carballodesantamargarida.org\/robusrobur\/wp-content\/uploads\/2021\/04\/20210411_Hormiga-escritora-768x766.png 768w\" sizes=\"(max-width: 851px) 100vw, 851px\" \/><\/td><td><img loading=\"lazy\" width=\"1245\" height=\"743\" class=\"wp-image-4337\" style=\"width: 200px;\" src=\"https:\/\/carballodesantamargarida.org\/robusrobur\/wp-content\/uploads\/2022\/11\/20221112_Votacion.png\" alt=\"\" srcset=\"https:\/\/carballodesantamargarida.org\/robusrobur\/wp-content\/uploads\/2022\/11\/20221112_Votacion.png 1245w, https:\/\/carballodesantamargarida.org\/robusrobur\/wp-content\/uploads\/2022\/11\/20221112_Votacion-300x179.png 300w, https:\/\/carballodesantamargarida.org\/robusrobur\/wp-content\/uploads\/2022\/11\/20221112_Votacion-1024x611.png 1024w, https:\/\/carballodesantamargarida.org\/robusrobur\/wp-content\/uploads\/2022\/11\/20221112_Votacion-768x458.png 768w\" sizes=\"(max-width: 1245px) 100vw, 1245px\" \/><\/td><td><img loading=\"lazy\" width=\"1131\" height=\"872\" class=\"wp-image-2762\" style=\"width: 175px;\" src=\"https:\/\/carballodesantamargarida.org\/robusrobur\/wp-content\/uploads\/2021\/04\/20210411_Camara-fotos-antigua-con-hormiga.png\" alt=\"\" srcset=\"https:\/\/carballodesantamargarida.org\/robusrobur\/wp-content\/uploads\/2021\/04\/20210411_Camara-fotos-antigua-con-hormiga.png 1131w, https:\/\/carballodesantamargarida.org\/robusrobur\/wp-content\/uploads\/2021\/04\/20210411_Camara-fotos-antigua-con-hormiga-300x231.png 300w, https:\/\/carballodesantamargarida.org\/robusrobur\/wp-content\/uploads\/2021\/04\/20210411_Camara-fotos-antigua-con-hormiga-1024x790.png 1024w, https:\/\/carballodesantamargarida.org\/robusrobur\/wp-content\/uploads\/2021\/04\/20210411_Camara-fotos-antigua-con-hormiga-768x592.png 768w\" sizes=\"(max-width: 1131px) 100vw, 1131px\" \/><\/td><td><img loading=\"lazy\" width=\"673\" height=\"837\" class=\"wp-image-4338\" style=\"width: 130px;\" src=\"https:\/\/carballodesantamargarida.org\/robusrobur\/wp-content\/uploads\/2022\/11\/20221112_Noticias.png\" alt=\"\" srcset=\"https:\/\/carballodesantamargarida.org\/robusrobur\/wp-content\/uploads\/2022\/11\/20221112_Noticias.png 673w, https:\/\/carballodesantamargarida.org\/robusrobur\/wp-content\/uploads\/2022\/11\/20221112_Noticias-241x300.png 241w\" sizes=\"(max-width: 673px) 100vw, 673px\" \/><\/td><\/tr><tr><td><strong><a href=\"https:\/\/carballodesantamargarida.org\/robusrobur\/index.php\/candidatura\/\" target=\"_blank\" rel=\"noreferrer noopener\">Candidatura<\/a><\/strong><\/td><td><strong><a href=\"https:\/\/carballodesantamargarida.org\/robusrobur\/index.php\/votacion\/\" target=\"_blank\" rel=\"noreferrer noopener\">Votaci\u00f3n<\/a><\/strong><\/td><td><strong><a href=\"https:\/\/carballodesantamargarida.org\/robusrobur\/index.php\/imagenes\/\" target=\"_blank\" rel=\"noreferrer noopener\">Im\u00e1genes<\/a><\/strong><\/td><td><strong><a href=\"https:\/\/carballodesantamargarida.org\/robusrobur\/index.php\/repercusion-mediatica\/\" target=\"_blank\" rel=\"noreferrer noopener\">Repercusi\u00f3n Medi\u00e1tica<\/a><\/strong><\/td><\/tr><\/tbody><\/table><\/figure>\n\n\n\n<p><\/p>\n\n\n\n<p><\/p>\n","protected":false},"excerpt":{"rendered":"<p>Tras un ard\u00fao trabajo de 2 a\u00f1os, la AC Robus Robur decidi\u00f3 presentar este a\u00f1o, la candidatura de Robustus Robur como &#8220;\u00c1rbol del a\u00f1o 2023&#8221;. Para poder conseguir esta distinci\u00f3n es necesario vencer a otros 8 \u00e1rboles espa\u00f1oles en una votaci\u00f3n popular. El que obtenga el mayor n\u00famero de votos de los 9 se convertir\u00e1 [&hellip;]<\/p>\n","protected":false},"author":1,"featured_media":0,"parent":0,"menu_order":0,"comment_status":"closed","ping_status":"closed","template":"","meta":[],"yoast_head":"<!-- This site is optimized with the Yoast SEO plugin v15.3 - https:\/\/yoast.com\/wordpress\/plugins\/seo\/ -->\n<title>\u00c1rbol del a\u00f1o 23 - Roble de Santa Margarita - Carballo de Santa Margarida<\/title>\n<meta name=\"robots\" content=\"index, follow, max-snippet:-1, max-image-preview:large, max-video-preview:-1\" \/>\n<link rel=\"canonical\" href=\"https:\/\/carballodesantamargarida.org\/robusrobur\/index.php\/arbol-del-ano-23\/\" \/>\n<meta property=\"og:locale\" content=\"es_ES\" \/>\n<meta property=\"og:type\" content=\"article\" \/>\n<meta property=\"og:title\" content=\"\u00c1rbol del a\u00f1o 23 - Roble de Santa Margarita - Carballo de Santa Margarida\" \/>\n<meta property=\"og:description\" content=\"Tras un ard\u00fao trabajo de 2 a\u00f1os, la AC Robus Robur decidi\u00f3 presentar este a\u00f1o, la candidatura de Robustus Robur como &#8220;\u00c1rbol del a\u00f1o 2023&#8221;. Para poder conseguir esta distinci\u00f3n es necesario vencer a otros 8 \u00e1rboles espa\u00f1oles en una votaci\u00f3n popular. El que obtenga el mayor n\u00famero de votos de los 9 se convertir\u00e1 [&hellip;]\" \/>\n<meta property=\"og:url\" content=\"https:\/\/carballodesantamargarida.org\/robusrobur\/index.php\/arbol-del-ano-23\/\" \/>\n<meta property=\"og:site_name\" content=\"Roble de Santa Margarita - Carballo de Santa Margarida\" \/>\n<meta property=\"article:publisher\" content=\"https:\/\/www.facebook.com\/ACRobusRobur\" \/>\n<meta property=\"article:modified_time\" content=\"2022-11-12T18:44:54+00:00\" \/>\n<meta property=\"og:image\" content=\"https:\/\/carballodesantamargarida.org\/robusrobur\/wp-content\/uploads\/2022\/11\/20221112_Arbol-del-ano-2023-1024x171.png\" \/>\n<meta name=\"twitter:card\" content=\"summary_large_image\" \/>\n<meta name=\"twitter:label1\" content=\"Escrito por\">\n\t<meta name=\"twitter:data1\" content=\"admin\">\n\t<meta name=\"twitter:label2\" content=\"Tiempo de lectura\">\n\t<meta name=\"twitter:data2\" content=\"0 minutos\">\n<script type=\"application\/ld+json\" class=\"yoast-schema-graph\">{\"@context\":\"https:\/\/schema.org\",\"@graph\":[{\"@type\":\"Organization\",\"@id\":\"https:\/\/carballodesantamargarida.org\/robusrobur\/#organization\",\"name\":\"Asociaci\\u00f3n Cultural Robus Robur\",\"url\":\"https:\/\/carballodesantamargarida.org\/robusrobur\/\",\"sameAs\":[\"https:\/\/www.facebook.com\/ACRobusRobur\",\"https:\/\/www.instagram.com\/robusrobur\/\",\"https:\/\/es.wikipedia.org\/wiki\/Archivo:Roble_de_Santa_Margarita.jpg\"],\"logo\":{\"@type\":\"ImageObject\",\"@id\":\"https:\/\/carballodesantamargarida.org\/robusrobur\/#logo\",\"inLanguage\":\"es\",\"url\":\"https:\/\/carballodesantamargarida.org\/robusrobur\/wp-content\/uploads\/2020\/12\/cropped-20201221_Logo-tronco-marron-con-nombre-2.jpg\",\"width\":160,\"height\":128,\"caption\":\"Asociaci\\u00f3n Cultural Robus Robur\"},\"image\":{\"@id\":\"https:\/\/carballodesantamargarida.org\/robusrobur\/#logo\"}},{\"@type\":\"WebSite\",\"@id\":\"https:\/\/carballodesantamargarida.org\/robusrobur\/#website\",\"url\":\"https:\/\/carballodesantamargarida.org\/robusrobur\/\",\"name\":\"Roble de Santa Margarita - Carballo de Santa Margarida\",\"description\":\"Patrimonio Natural y Cultural del Carballo de Santa Margarita (Robus Robur). Naturaleza, Biolog\\u00eda, zoolog\\u00eda, estaciones del a\\u00f1o, poes\\u00eda, fotograf\\u00edas, artes pl\\u00e1sticas, recuerdos familiares, historia y simbolismo el este roble. P\\u00e1gina gamificada, incluye juego del Bellota-game y reto del Bellota-game Agallas.\",\"publisher\":{\"@id\":\"https:\/\/carballodesantamargarida.org\/robusrobur\/#organization\"},\"potentialAction\":[{\"@type\":\"SearchAction\",\"target\":\"https:\/\/carballodesantamargarida.org\/robusrobur\/?s={search_term_string}\",\"query-input\":\"required name=search_term_string\"}],\"inLanguage\":\"es\"},{\"@type\":\"ImageObject\",\"@id\":\"https:\/\/carballodesantamargarida.org\/robusrobur\/index.php\/arbol-del-ano-23\/#primaryimage\",\"inLanguage\":\"es\",\"url\":\"https:\/\/carballodesantamargarida.org\/robusrobur\/wp-content\/uploads\/2022\/11\/20221112_Arbol-del-ano-2023.png\",\"width\":1500,\"height\":251},{\"@type\":\"WebPage\",\"@id\":\"https:\/\/carballodesantamargarida.org\/robusrobur\/index.php\/arbol-del-ano-23\/#webpage\",\"url\":\"https:\/\/carballodesantamargarida.org\/robusrobur\/index.php\/arbol-del-ano-23\/\",\"name\":\"\\u00c1rbol del a\\u00f1o 23 - Roble de Santa Margarita - Carballo de Santa Margarida\",\"isPartOf\":{\"@id\":\"https:\/\/carballodesantamargarida.org\/robusrobur\/#website\"},\"primaryImageOfPage\":{\"@id\":\"https:\/\/carballodesantamargarida.org\/robusrobur\/index.php\/arbol-del-ano-23\/#primaryimage\"},\"datePublished\":\"2022-11-12T12:56:08+00:00\",\"dateModified\":\"2022-11-12T18:44:54+00:00\",\"inLanguage\":\"es\",\"potentialAction\":[{\"@type\":\"ReadAction\",\"target\":[\"https:\/\/carballodesantamargarida.org\/robusrobur\/index.php\/arbol-del-ano-23\/\"]}]}]}<\/script>\n<!-- \/ Yoast SEO plugin. -->","_links":{"self":[{"href":"https:\/\/carballodesantamargarida.org\/robusrobur\/index.php\/wp-json\/wp\/v2\/pages\/4309"}],"collection":[{"href":"https:\/\/carballodesantamargarida.org\/robusrobur\/index.php\/wp-json\/wp\/v2\/pages"}],"about":[{"href":"https:\/\/carballodesantamargarida.org\/robusrobur\/index.php\/wp-json\/wp\/v2\/types\/page"}],"author":[{"embeddable":true,"href":"https:\/\/carballodesantamargarida.org\/robusrobur\/index.php\/wp-json\/wp\/v2\/users\/1"}],"replies":[{"embeddable":true,"href":"https:\/\/carballodesantamargarida.org\/robusrobur\/index.php\/wp-json\/wp\/v2\/comments?post=4309"}],"version-history":[{"count":3,"href":"https:\/\/carballodesantamargarida.org\/robusrobur\/index.php\/wp-json\/wp\/v2\/pages\/4309\/revisions"}],"predecessor-version":[{"id":4348,"href":"https:\/\/carballodesantamargarida.org\/robusrobur\/index.php\/wp-json\/wp\/v2\/pages\/4309\/revisions\/4348"}],"wp:attachment":[{"href":"https:\/\/carballodesantamargarida.org\/robusrobur\/index.php\/wp-json\/wp\/v2\/media?parent=4309"}],"curies":[{"name":"wp","href":"https:\/\/api.w.org\/{rel}","templated":true}]}}