{"id":4151,"date":"2022-04-27T19:13:06","date_gmt":"2022-04-27T19:13:06","guid":{"rendered":"https:\/\/carballodesantamargarida.org\/robusrobur\/?page_id=4151"},"modified":"2022-10-16T13:00:07","modified_gmt":"2022-10-16T13:00:07","slug":"el-bosque-de-robus","status":"publish","type":"page","link":"https:\/\/carballodesantamargarida.org\/robusrobur\/index.php\/el-bosque-de-robus\/","title":{"rendered":"El bosque de Robus"},"content":{"rendered":"\n<figure class=\"wp-block-image size-large is-resized\"><img loading=\"lazy\" src=\"https:\/\/carballodesantamargarida.org\/robusrobur\/wp-content\/uploads\/2022\/05\/20220511_el-bosque-de-robustus-1024x144.png\" alt=\"\" class=\"wp-image-4183\" width=\"546\" height=\"77\" srcset=\"https:\/\/carballodesantamargarida.org\/robusrobur\/wp-content\/uploads\/2022\/05\/20220511_el-bosque-de-robustus-1024x144.png 1024w, https:\/\/carballodesantamargarida.org\/robusrobur\/wp-content\/uploads\/2022\/05\/20220511_el-bosque-de-robustus-300x42.png 300w, https:\/\/carballodesantamargarida.org\/robusrobur\/wp-content\/uploads\/2022\/05\/20220511_el-bosque-de-robustus-768x108.png 768w, https:\/\/carballodesantamargarida.org\/robusrobur\/wp-content\/uploads\/2022\/05\/20220511_el-bosque-de-robustus-1536x216.png 1536w, https:\/\/carballodesantamargarida.org\/robusrobur\/wp-content\/uploads\/2022\/05\/20220511_el-bosque-de-robustus.png 1567w\" sizes=\"(max-width: 546px) 100vw, 546px\" \/><\/figure>\n\n\n\n<figure class=\"wp-block-table\"><table><tbody><tr><td><strong>N\u00ba<\/strong><\/td><td><strong>Nombre<\/strong><\/td><td><strong>A\u00f1o de plantaci\u00f3n<\/strong><\/td><td><strong>A\u00f1o de adopci\u00f3n<\/strong><\/td><td><strong>Foto<\/strong><\/td><\/tr><tr><td>1<\/td><td>Xoel Robur<\/td><td>2021<\/td><td><\/td><td><\/td><\/tr><tr><td>2<\/td><td>Luc\u00eda Robur<\/td><td>2021<\/td><td><\/td><td><\/td><\/tr><tr><td>3<\/td><td>Camila Robur<\/td><td>2021<\/td><td><\/td><td><\/td><\/tr><tr><td>4<\/td><td>Diego Robur<\/td><td>2021<\/td><td><\/td><td><\/td><\/tr><tr><td>5<\/td><td>Anxo Robur<\/td><td>2021<\/td><td><\/td><td><\/td><\/tr><tr><td>6<\/td><td>Roi Robur<\/td><td>2021<\/td><td><\/td><td><\/td><\/tr><tr><td>7<\/td><td>Noa Robur<\/td><td>2021<\/td><td><\/td><td><\/td><\/tr><tr><td>8<\/td><td>Joaqu\u00edn Robur<\/td><td>2021<\/td><td><\/td><td><\/td><\/tr><tr><td>9<\/td><td>Francisco Robur<\/td><td>2021<\/td><td><\/td><td><\/td><\/tr><tr><td>10<\/td><td>Roque Robur<\/td><td>2021<\/td><td><\/td><td><\/td><\/tr><tr><td>11<\/td><td>Nuria Robur<\/td><td>2021<\/td><td><\/td><td><\/td><\/tr><tr><td>12<\/td><td>Leda junior Robur<\/td><td>2021<\/td><td><\/td><td><\/td><\/tr><tr><td>13<\/td><td>Nerea Robur<\/td><td>2021<\/td><td><\/td><td><\/td><\/tr><tr><td>14<\/td><td>Mateo Robur<\/td><td>2021<\/td><td><\/td><td><\/td><\/tr><tr><td>15<\/td><td>Katia Robur<\/td><td>2021<\/td><td><\/td><td><\/td><\/tr><tr><td>16<\/td><td>Adriana Robur<\/td><td>2021<\/td><td><\/td><td><\/td><\/tr><tr><td>17<\/td><td>Rodrigo Robur<\/td><td>2021<\/td><td><\/td><td><\/td><\/tr><tr><td>18<\/td><td>Yeray Robur<\/td><td>2021<\/td><td><\/td><td><\/td><\/tr><tr><td>19<\/td><td>Sarai Robur<\/td><td>2021<\/td><td><\/td><td><\/td><\/tr><tr><td>20<\/td><td>L\u00eda Robur<\/td><td>2021<\/td><td><\/td><td><\/td><\/tr><tr><td>21<\/td><td>Sara Robur<\/td><td>2021<\/td><td><\/td><td><\/td><\/tr><tr><td>22<\/td><td>Rosal\u00eda Robur<\/td><td>2021<\/td><td><\/td><td><\/td><\/tr><tr><td>23<\/td><td>Sara M Robur<\/td><td>2021<\/td><td><\/td><td><\/td><\/tr><tr><td>24<\/td><td>Jul\u00eda Robur<\/td><td>2021<\/td><td><\/td><td><\/td><\/tr><tr><td>25<\/td><td>Abel Robur<\/td><td>2021<\/td><td><\/td><td><\/td><\/tr><tr><td>26<\/td><td>Luc\u00eda V Robur<\/td><td>2021<\/td><td><\/td><td><\/td><\/tr><tr><td>27<\/td><td>Mar\u00eda Robur<\/td><td>2021<\/td><td><\/td><td><\/td><\/tr><tr><td>28<\/td><td>Adriana Robur<\/td><td>2021<\/td><td><\/td><td><\/td><\/tr><tr><td>29<\/td><td>Melanie Robur<\/td><td>2021<\/td><td><\/td><td><\/td><\/tr><tr><td>30<\/td><td>Pablo Robur<\/td><td>2021<\/td><td><\/td><td><\/td><\/tr><tr><td>31<\/td><td>Ismael Robur<\/td><td>2021<\/td><td><\/td><td><\/td><\/tr><tr><td>32<\/td><td>Ana Robur<\/td><td>2021<\/td><td><\/td><td><\/td><\/tr><tr><td>33<\/td><td>Paula Robur<\/td><td>2021<\/td><td><\/td><td><\/td><\/tr><tr><td>34<\/td><td>Paula C Robur<\/td><td>2021<\/td><td><\/td><td><\/td><\/tr><tr><td>35<\/td><td>Ariana Robur<\/td><td>2021<\/td><td><\/td><td><\/td><\/tr><tr><td>36<\/td><td>Alexandre Robur<\/td><td>2021<\/td><td><\/td><td><\/td><\/tr><tr><td>37<\/td><td>M\u00aa Jes\u00fas Robur<\/td><td>2021<\/td><td><\/td><td><\/td><\/tr><tr><td>38<\/td><td>Irene Robur<\/td><td>2021<\/td><td><\/td><td><\/td><\/tr><tr><td>39<\/td><td>Aitor Robur<\/td><td>2021<\/td><td><\/td><td><\/td><\/tr><tr><td>40<\/td><td>Aroa Robur<\/td><td>2021<\/td><td><\/td><td><\/td><\/tr><tr><td>41<\/td><td>Maroua Robur<\/td><td>2021<\/td><td><\/td><td><\/td><\/tr><tr><td>42<\/td><td>Noa C Robur<\/td><td>2021<\/td><td><\/td><td><\/td><\/tr><tr><td>43<\/td><td>Noelia Robur<\/td><td>2021<\/td><td><\/td><td><\/td><\/tr><tr><td>44<\/td><td>Carla Robur<\/td><td>2021<\/td><td><\/td><td><\/td><\/tr><tr><td>45<\/td><td>M\u00aa Xos\u00e9 Robur<\/td><td>2021<\/td><td><\/td><td><\/td><\/tr><tr><td>46<\/td><td>Elvira Robur<\/td><td>2021<\/td><td><\/td><td><\/td><\/tr><tr><td>47<\/td><td>Cancela Robur<\/td><td>2021<\/td><td><\/td><td><\/td><\/tr><tr><td>48<\/td><td>Isabel Robur<\/td><td>2021<\/td><td><\/td><td><\/td><\/tr><tr><td>49<\/td><td>Silvia Robur<\/td><td>2021<\/td><td><\/td><td><\/td><\/tr><tr><td>50<\/td><td>Mar\u00eda Robur<\/td><td>2021<\/td><td><\/td><td><\/td><\/tr><tr><td>51<\/td><td>Carlos Robur<\/td><td>2021<\/td><td><\/td><td><\/td><\/tr><\/tbody><\/table><\/figure>\n","protected":false},"excerpt":{"rendered":"<p>N\u00ba Nombre A\u00f1o de plantaci\u00f3n A\u00f1o de adopci\u00f3n Foto 1 Xoel Robur 2021 2 Luc\u00eda Robur 2021 3 Camila Robur 2021 4 Diego Robur 2021 5 Anxo Robur 2021 6 Roi Robur 2021 7 Noa Robur 2021 8 Joaqu\u00edn Robur 2021 9 Francisco Robur 2021 10 Roque Robur 2021 11 Nuria Robur 2021 12 Leda [&hellip;]<\/p>\n","protected":false},"author":1,"featured_media":0,"parent":0,"menu_order":0,"comment_status":"closed","ping_status":"closed","template":"","meta":[],"yoast_head":"<!-- This site is optimized with the Yoast SEO plugin v15.3 - https:\/\/yoast.com\/wordpress\/plugins\/seo\/ -->\n<title>El bosque de Robus - Roble de Santa Margarita - Carballo de Santa Margarida<\/title>\n<meta name=\"robots\" content=\"index, follow, max-snippet:-1, max-image-preview:large, max-video-preview:-1\" \/>\n<link rel=\"canonical\" href=\"https:\/\/carballodesantamargarida.org\/robusrobur\/index.php\/el-bosque-de-robus\/\" \/>\n<meta property=\"og:locale\" content=\"es_ES\" \/>\n<meta property=\"og:type\" content=\"article\" \/>\n<meta property=\"og:title\" content=\"El bosque de Robus - Roble de Santa Margarita - Carballo de Santa Margarida\" \/>\n<meta property=\"og:description\" content=\"N\u00ba Nombre A\u00f1o de plantaci\u00f3n A\u00f1o de adopci\u00f3n Foto 1 Xoel Robur 2021 2 Luc\u00eda Robur 2021 3 Camila Robur 2021 4 Diego Robur 2021 5 Anxo Robur 2021 6 Roi Robur 2021 7 Noa Robur 2021 8 Joaqu\u00edn Robur 2021 9 Francisco Robur 2021 10 Roque Robur 2021 11 Nuria Robur 2021 12 Leda [&hellip;]\" \/>\n<meta property=\"og:url\" content=\"https:\/\/carballodesantamargarida.org\/robusrobur\/index.php\/el-bosque-de-robus\/\" \/>\n<meta property=\"og:site_name\" content=\"Roble de Santa Margarita - Carballo de Santa Margarida\" \/>\n<meta property=\"article:publisher\" content=\"https:\/\/www.facebook.com\/ACRobusRobur\" \/>\n<meta property=\"article:modified_time\" content=\"2022-10-16T13:00:07+00:00\" \/>\n<meta property=\"og:image\" content=\"https:\/\/carballodesantamargarida.org\/robusrobur\/wp-content\/uploads\/2022\/05\/20220511_el-bosque-de-robustus-1024x144.png\" \/>\n<meta name=\"twitter:card\" content=\"summary_large_image\" \/>\n<meta name=\"twitter:label1\" content=\"Escrito por\">\n\t<meta name=\"twitter:data1\" content=\"admin\">\n\t<meta name=\"twitter:label2\" content=\"Tiempo de lectura\">\n\t<meta name=\"twitter:data2\" content=\"1 minuto\">\n<script type=\"application\/ld+json\" class=\"yoast-schema-graph\">{\"@context\":\"https:\/\/schema.org\",\"@graph\":[{\"@type\":\"Organization\",\"@id\":\"https:\/\/carballodesantamargarida.org\/robusrobur\/#organization\",\"name\":\"Asociaci\\u00f3n Cultural Robus Robur\",\"url\":\"https:\/\/carballodesantamargarida.org\/robusrobur\/\",\"sameAs\":[\"https:\/\/www.facebook.com\/ACRobusRobur\",\"https:\/\/www.instagram.com\/robusrobur\/\",\"https:\/\/es.wikipedia.org\/wiki\/Archivo:Roble_de_Santa_Margarita.jpg\"],\"logo\":{\"@type\":\"ImageObject\",\"@id\":\"https:\/\/carballodesantamargarida.org\/robusrobur\/#logo\",\"inLanguage\":\"es\",\"url\":\"https:\/\/carballodesantamargarida.org\/robusrobur\/wp-content\/uploads\/2020\/12\/cropped-20201221_Logo-tronco-marron-con-nombre-2.jpg\",\"width\":160,\"height\":128,\"caption\":\"Asociaci\\u00f3n Cultural Robus Robur\"},\"image\":{\"@id\":\"https:\/\/carballodesantamargarida.org\/robusrobur\/#logo\"}},{\"@type\":\"WebSite\",\"@id\":\"https:\/\/carballodesantamargarida.org\/robusrobur\/#website\",\"url\":\"https:\/\/carballodesantamargarida.org\/robusrobur\/\",\"name\":\"Roble de Santa Margarita - Carballo de Santa Margarida\",\"description\":\"Patrimonio Natural y Cultural del Carballo de Santa Margarita (Robus Robur). Naturaleza, Biolog\\u00eda, zoolog\\u00eda, estaciones del a\\u00f1o, poes\\u00eda, fotograf\\u00edas, artes pl\\u00e1sticas, recuerdos familiares, historia y simbolismo el este roble. P\\u00e1gina gamificada, incluye juego del Bellota-game y reto del Bellota-game Agallas.\",\"publisher\":{\"@id\":\"https:\/\/carballodesantamargarida.org\/robusrobur\/#organization\"},\"potentialAction\":[{\"@type\":\"SearchAction\",\"target\":\"https:\/\/carballodesantamargarida.org\/robusrobur\/?s={search_term_string}\",\"query-input\":\"required name=search_term_string\"}],\"inLanguage\":\"es\"},{\"@type\":\"ImageObject\",\"@id\":\"https:\/\/carballodesantamargarida.org\/robusrobur\/index.php\/el-bosque-de-robus\/#primaryimage\",\"inLanguage\":\"es\",\"url\":\"https:\/\/carballodesantamargarida.org\/robusrobur\/wp-content\/uploads\/2022\/05\/20220511_el-bosque-de-robustus.png\",\"width\":1567,\"height\":220},{\"@type\":\"WebPage\",\"@id\":\"https:\/\/carballodesantamargarida.org\/robusrobur\/index.php\/el-bosque-de-robus\/#webpage\",\"url\":\"https:\/\/carballodesantamargarida.org\/robusrobur\/index.php\/el-bosque-de-robus\/\",\"name\":\"El bosque de Robus - Roble de Santa Margarita - Carballo de Santa Margarida\",\"isPartOf\":{\"@id\":\"https:\/\/carballodesantamargarida.org\/robusrobur\/#website\"},\"primaryImageOfPage\":{\"@id\":\"https:\/\/carballodesantamargarida.org\/robusrobur\/index.php\/el-bosque-de-robus\/#primaryimage\"},\"datePublished\":\"2022-04-27T19:13:06+00:00\",\"dateModified\":\"2022-10-16T13:00:07+00:00\",\"inLanguage\":\"es\",\"potentialAction\":[{\"@type\":\"ReadAction\",\"target\":[\"https:\/\/carballodesantamargarida.org\/robusrobur\/index.php\/el-bosque-de-robus\/\"]}]}]}<\/script>\n<!-- \/ Yoast SEO plugin. -->","_links":{"self":[{"href":"https:\/\/carballodesantamargarida.org\/robusrobur\/index.php\/wp-json\/wp\/v2\/pages\/4151"}],"collection":[{"href":"https:\/\/carballodesantamargarida.org\/robusrobur\/index.php\/wp-json\/wp\/v2\/pages"}],"about":[{"href":"https:\/\/carballodesantamargarida.org\/robusrobur\/index.php\/wp-json\/wp\/v2\/types\/page"}],"author":[{"embeddable":true,"href":"https:\/\/carballodesantamargarida.org\/robusrobur\/index.php\/wp-json\/wp\/v2\/users\/1"}],"replies":[{"embeddable":true,"href":"https:\/\/carballodesantamargarida.org\/robusrobur\/index.php\/wp-json\/wp\/v2\/comments?post=4151"}],"version-history":[{"count":4,"href":"https:\/\/carballodesantamargarida.org\/robusrobur\/index.php\/wp-json\/wp\/v2\/pages\/4151\/revisions"}],"predecessor-version":[{"id":4302,"href":"https:\/\/carballodesantamargarida.org\/robusrobur\/index.php\/wp-json\/wp\/v2\/pages\/4151\/revisions\/4302"}],"wp:attachment":[{"href":"https:\/\/carballodesantamargarida.org\/robusrobur\/index.php\/wp-json\/wp\/v2\/media?parent=4151"}],"curies":[{"name":"wp","href":"https:\/\/api.w.org\/{rel}","templated":true}]}}