{"id":3526,"date":"2021-05-27T18:44:41","date_gmt":"2021-05-27T18:44:41","guid":{"rendered":"https:\/\/carballodesantamargarida.org\/robusrobur\/?page_id=3526"},"modified":"2021-06-06T19:42:44","modified_gmt":"2021-06-06T19:42:44","slug":"fotos-en-color","status":"publish","type":"page","link":"https:\/\/carballodesantamargarida.org\/robusrobur\/index.php\/fotos-en-color\/","title":{"rendered":"\u00c1lbum de fotos"},"content":{"rendered":"\n<figure class=\"wp-block-image size-large is-resized\"><img loading=\"lazy\" src=\"https:\/\/carballodesantamargarida.org\/robusrobur\/wp-content\/uploads\/2021\/06\/20210606_Album-de-fotos-1024x256.png\" alt=\"\" class=\"wp-image-3636\" width=\"708\" height=\"177\" srcset=\"https:\/\/carballodesantamargarida.org\/robusrobur\/wp-content\/uploads\/2021\/06\/20210606_Album-de-fotos-1024x256.png 1024w, https:\/\/carballodesantamargarida.org\/robusrobur\/wp-content\/uploads\/2021\/06\/20210606_Album-de-fotos-300x75.png 300w, https:\/\/carballodesantamargarida.org\/robusrobur\/wp-content\/uploads\/2021\/06\/20210606_Album-de-fotos-768x192.png 768w, https:\/\/carballodesantamargarida.org\/robusrobur\/wp-content\/uploads\/2021\/06\/20210606_Album-de-fotos.png 1200w\" sizes=\"(max-width: 708px) 100vw, 708px\" \/><\/figure>\n\n\n<div class=\"oxi-addons-container oxi-image-hover-wrapper-105 \" id=\"oxi-image-hover-wrapper-105\">\r\n                 <div class=\"oxi-addons-row\">  <div class=\"oxi-image-hover-style oxi-bt-col-lg-6 oxi-bt-col-md-12 oxi-bt-col-sm-12  \"  >\r\n                        <div class=\"oxi-image-hover-style-flipbox\">\r\n                            <a  href=\"https:\/\/carballodesantamargarida.org\/robusrobur\/wp-content\/uploads\/2021\/05\/Foto-de-Comunion-1963-en-blanco-y-negro.jpg\">\r\n                                <div class=\"oxi-image-hover oxi-image-flipbox-hover oxi-image-flipbox-hover-style-3 oxi-image-flipbox-hover-105-3582\">\r\n                                    <div class=\"oxi-image-hover-figure  oxi-image-flip-left-to-right \">\r\n                                        <div class=\"oxi-image-hover-figure-frontend\">\r\n                                            <div class=\"oxi-image-hover-figure-front-section\">\r\n                                                <div class=\"oxi-image-hover-figure-front-section-body\">\r\n                                                    <div class=\"oxi-image-hover-figure-front-section-image-body\">\r\n                                                         <img src=\"https:\/\/carballodesantamargarida.org\/robusrobur\/wp-content\/uploads\/2021\/05\/Foto-de-Comunion-1963-en-blanco-y-negro.jpg\" > \r\n                                                    <\/div>\r\n                                                    <div class=\"oxi-image-hover-figure-front-section-heading-body\">\r\n                                                    <div class=\"oxi-image-hover-heading \">1\u00aa Comuni\u00f3n de Ram\u00f3n Otero<br>(1963)<\/div>\r\n                                                    <\/div>\r\n                                                <\/div>\r\n                                            <\/div>\r\n                                        <\/div>\r\n                                        <div class=\"oxi-image-hover-figure-backend\">\r\n                                            <div class=\"oxi-image-hover-figure-back-section \">\r\n                                                <div class=\"oxi-image-hover-figure-backend-section-body image-hover-align-center-center\">\r\n                                                    <div class=\"oxi-image-hover-content  \">\"Viajamos con mi madre\u00a0y mis dos hermanos desde Buenos Aires a Pontevedra, donde tom\u00e9 en la ermita mi 1\u00aa comuni\u00f3n. En ella esta Peregrina, la mama de Elisa, Elisa, mi madre Maria del Carmen, su madre, hermanos y primos.\"<br><br>1963<br><br>(Enviada desde Buenos Aires por Ram\u00f3n Otero en Mayo 2021)<\/div>\r\n                                                <\/div>\r\n                                            <\/div>\r\n                                        <\/div>\r\n                                    <\/div>\r\n                                <\/div>\r\n                           <\/a>\r\n                        <\/div> <\/div>  <div class=\"oxi-image-hover-style oxi-bt-col-lg-6 oxi-bt-col-md-12 oxi-bt-col-sm-12  \"  >\r\n                        <div class=\"oxi-image-hover-style-flipbox\">\r\n                            <a  href=\"https:\/\/carballodesantamargarida.org\/robusrobur\/wp-content\/uploads\/2021\/05\/Ramon-e-hijo-4-VERTICAL.jpg\">\r\n                                <div class=\"oxi-image-hover oxi-image-flipbox-hover oxi-image-flipbox-hover-style-3 oxi-image-flipbox-hover-105-3583\">\r\n                                    <div class=\"oxi-image-hover-figure  oxi-image-flip-left-to-right \">\r\n                                        <div class=\"oxi-image-hover-figure-frontend\">\r\n                                            <div class=\"oxi-image-hover-figure-front-section\">\r\n                                                <div class=\"oxi-image-hover-figure-front-section-body\">\r\n                                                    <div class=\"oxi-image-hover-figure-front-section-image-body\">\r\n                                                         <img src=\"https:\/\/carballodesantamargarida.org\/robusrobur\/wp-content\/uploads\/2021\/05\/Ramon-e-hijo-4-VERTICAL.jpg\" > \r\n                                                    <\/div>\r\n                                                    <div class=\"oxi-image-hover-figure-front-section-heading-body\">\r\n                                                    <div class=\"oxi-image-hover-heading \">Ram\u00f3n Otero e hijo <br>(2018)<\/div>\r\n                                                    <\/div>\r\n                                                <\/div>\r\n                                            <\/div>\r\n                                        <\/div>\r\n                                        <div class=\"oxi-image-hover-figure-backend\">\r\n                                            <div class=\"oxi-image-hover-figure-back-section \">\r\n                                                <div class=\"oxi-image-hover-figure-backend-section-body image-hover-align-center-center\">\r\n                                                    <div class=\"oxi-image-hover-content  \">Viaje desde Buenos Aires a Pontevedra en familia en 2018<br><br>Foto cedida por Ram\u00f3n Otero, hijo de Gerardo Otero Alen, natural de Santa Margarita.<\/div>\r\n                                                <\/div>\r\n                                            <\/div>\r\n                                        <\/div>\r\n                                    <\/div>\r\n                                <\/div>\r\n                           <\/a>\r\n                        <\/div> <\/div>  <div class=\"oxi-image-hover-style oxi-bt-col-lg-6 oxi-bt-col-md-12 oxi-bt-col-sm-12  \"  >\r\n                        <div class=\"oxi-image-hover-style-flipbox\">\r\n                            <a  href=\"https:\/\/carballodesantamargarida.org\/robusrobur\/wp-content\/uploads\/2021\/05\/Ramon-e-hijo-5-VERTICAL-NO.jpg\">\r\n                                <div class=\"oxi-image-hover oxi-image-flipbox-hover oxi-image-flipbox-hover-style-3 oxi-image-flipbox-hover-105-3584\">\r\n                                    <div class=\"oxi-image-hover-figure  oxi-image-flip-left-to-right \">\r\n                                        <div class=\"oxi-image-hover-figure-frontend\">\r\n                                            <div class=\"oxi-image-hover-figure-front-section\">\r\n                                                <div class=\"oxi-image-hover-figure-front-section-body\">\r\n                                                    <div class=\"oxi-image-hover-figure-front-section-image-body\">\r\n                                                         <img src=\"https:\/\/carballodesantamargarida.org\/robusrobur\/wp-content\/uploads\/2021\/05\/Ramon-e-hijo-5-VERTICAL-NO.jpg\" > \r\n                                                    <\/div>\r\n                                                    <div class=\"oxi-image-hover-figure-front-section-heading-body\">\r\n                                                    <div class=\"oxi-image-hover-heading \">Ram\u00f3n Otero<br>(2018)<\/div>\r\n                                                    <\/div>\r\n                                                <\/div>\r\n                                            <\/div>\r\n                                        <\/div>\r\n                                        <div class=\"oxi-image-hover-figure-backend\">\r\n                                            <div class=\"oxi-image-hover-figure-back-section \">\r\n                                                <div class=\"oxi-image-hover-figure-backend-section-body image-hover-align-center-center\">\r\n                                                    <div class=\"oxi-image-hover-content  \">Viaje desde Buenos Aires a Pontevedra en familia en 2018<br><br><br>Ram\u00f3n Otero, \"nombre que me pusieron en honor al hermano de mi padre republicano, desaparecido en la guerra civil\"<\/div>\r\n                                                <\/div>\r\n                                            <\/div>\r\n                                        <\/div>\r\n                                    <\/div>\r\n                                <\/div>\r\n                           <\/a>\r\n                        <\/div> <\/div>  <div class=\"oxi-image-hover-style oxi-bt-col-lg-6 oxi-bt-col-md-12 oxi-bt-col-sm-12  \"  >\r\n                        <div class=\"oxi-image-hover-style-flipbox\">\r\n                            <a  href=\"https:\/\/carballodesantamargarida.org\/robusrobur\/wp-content\/uploads\/2021\/05\/Ramon-de-espaldas-vertical.jpg\">\r\n                                <div class=\"oxi-image-hover oxi-image-flipbox-hover oxi-image-flipbox-hover-style-3 oxi-image-flipbox-hover-105-3585\">\r\n                                    <div class=\"oxi-image-hover-figure  oxi-image-flip-left-to-right \">\r\n                                        <div class=\"oxi-image-hover-figure-frontend\">\r\n                                            <div class=\"oxi-image-hover-figure-front-section\">\r\n                                                <div class=\"oxi-image-hover-figure-front-section-body\">\r\n                                                    <div class=\"oxi-image-hover-figure-front-section-image-body\">\r\n                                                         <img src=\"https:\/\/carballodesantamargarida.org\/robusrobur\/wp-content\/uploads\/2021\/05\/Ramon-de-espaldas-vertical.jpg\" > \r\n                                                    <\/div>\r\n                                                    <div class=\"oxi-image-hover-figure-front-section-heading-body\">\r\n                                                    <div class=\"oxi-image-hover-heading \">Ram\u00f3n Otero <br>(2018)<\/div>\r\n                                                    <\/div>\r\n                                                <\/div>\r\n                                            <\/div>\r\n                                        <\/div>\r\n                                        <div class=\"oxi-image-hover-figure-backend\">\r\n                                            <div class=\"oxi-image-hover-figure-back-section \">\r\n                                                <div class=\"oxi-image-hover-figure-backend-section-body image-hover-align-center-center\">\r\n                                                    <div class=\"oxi-image-hover-content  \">\"Mis padres emigraron a Argentina en el a\u00f1o 50 mi padre, y dos a\u00f1os despu\u00e9s mi madre. Se casaron por poder, mi padre estaba aqu\u00ed y mi madre all\u00ed. Entro a la iglesia con Benito Otero Al\u00e9n.\"<br>\"Mi madre Mar\u00eda del Carmen Gil, tuvo con Gerardo Otero, en mi padre, tres hijos: Vicente en el 55, yo en el 56 y Mar\u00eda del Carmen en el 60.\"<\/div>\r\n                                                <\/div>\r\n                                            <\/div>\r\n                                        <\/div>\r\n                                    <\/div>\r\n                                <\/div>\r\n                           <\/a>\r\n                        <\/div> <\/div>  <div class=\"oxi-image-hover-style oxi-bt-col-lg-6 oxi-bt-col-md-12 oxi-bt-col-sm-12  \"  >\r\n                        <div class=\"oxi-image-hover-style-flipbox\">\r\n                            <a  href=\"https:\/\/carballodesantamargarida.org\/robusrobur\/wp-content\/uploads\/2021\/06\/Hace-41-anos-1980-Maria-del-Carmen-Otero-1.jpg\">\r\n                                <div class=\"oxi-image-hover oxi-image-flipbox-hover oxi-image-flipbox-hover-style-3 oxi-image-flipbox-hover-105-3601\">\r\n                                    <div class=\"oxi-image-hover-figure  oxi-image-flip-left-to-right \">\r\n                                        <div class=\"oxi-image-hover-figure-frontend\">\r\n                                            <div class=\"oxi-image-hover-figure-front-section\">\r\n                                                <div class=\"oxi-image-hover-figure-front-section-body\">\r\n                                                    <div class=\"oxi-image-hover-figure-front-section-image-body\">\r\n                                                         <img src=\"https:\/\/carballodesantamargarida.org\/robusrobur\/wp-content\/uploads\/2021\/06\/Hace-41-anos-1980-Maria-del-Carmen-Otero-1.jpg\" > \r\n                                                    <\/div>\r\n                                                    <div class=\"oxi-image-hover-figure-front-section-heading-body\">\r\n                                                    <div class=\"oxi-image-hover-heading \">Mar\u00eda del Carmen Otero<br>(Julio de 1979)<\/div>\r\n                                                    <\/div>\r\n                                                <\/div>\r\n                                            <\/div>\r\n                                        <\/div>\r\n                                        <div class=\"oxi-image-hover-figure-backend\">\r\n                                            <div class=\"oxi-image-hover-figure-back-section \">\r\n                                                <div class=\"oxi-image-hover-figure-backend-section-body image-hover-align-center-center\">\r\n                                                    <div class=\"oxi-image-hover-content  \">\"41 a\u00f1os despu\u00e9s...te sigo recordando.. querido !! Roble de Santa Margarita!!\"<br><br>Foto cedida desde Argentina por Mar\u00eda del Carmen Otero, hija de Gerardo Otero Alen, natural de Santa Margarita.<\/div>\r\n                                                <\/div>\r\n                                            <\/div>\r\n                                        <\/div>\r\n                                    <\/div>\r\n                                <\/div>\r\n                           <\/a>\r\n                        <\/div> <\/div>  <div class=\"oxi-image-hover-style oxi-bt-col-lg-6 oxi-bt-col-md-12 oxi-bt-col-sm-12  \"  >\r\n                        <div class=\"oxi-image-hover-style-flipbox\">\r\n                            <a  href=\"https:\/\/carballodesantamargarida.org\/robusrobur\/wp-content\/uploads\/2021\/06\/Hace-41-anos-1980-Maria-del-Carmen-Otero-2.jpg\">\r\n                                <div class=\"oxi-image-hover oxi-image-flipbox-hover oxi-image-flipbox-hover-style-3 oxi-image-flipbox-hover-105-3740\">\r\n                                    <div class=\"oxi-image-hover-figure  oxi-image-flip-left-to-right \">\r\n                                        <div class=\"oxi-image-hover-figure-frontend\">\r\n                                            <div class=\"oxi-image-hover-figure-front-section\">\r\n                                                <div class=\"oxi-image-hover-figure-front-section-body\">\r\n                                                    <div class=\"oxi-image-hover-figure-front-section-image-body\">\r\n                                                         <img src=\"https:\/\/carballodesantamargarida.org\/robusrobur\/wp-content\/uploads\/2021\/06\/Hace-41-anos-1980-Maria-del-Carmen-Otero-2.jpg\" > \r\n                                                    <\/div>\r\n                                                    <div class=\"oxi-image-hover-figure-front-section-heading-body\">\r\n                                                    <div class=\"oxi-image-hover-heading \">Mar\u00eda del Carmen Otero<br>(Julio de 1979)<\/div>\r\n                                                    <\/div>\r\n                                                <\/div>\r\n                                            <\/div>\r\n                                        <\/div>\r\n                                        <div class=\"oxi-image-hover-figure-backend\">\r\n                                            <div class=\"oxi-image-hover-figure-back-section \">\r\n                                                <div class=\"oxi-image-hover-figure-backend-section-body image-hover-align-center-center\">\r\n                                                    <div class=\"oxi-image-hover-content  \">\"Roble que desde mi primera infancia, escuchaba nombrar a mi padre ( hermano de Elisa Otero de Barbeito). Lo empec\u00e9 a amar desde peque\u00f1a, por eso... al verlo ya con mis 19 a\u00f1os lo abrazaba cada vez que pod\u00eda y uno de esos momentos: s\u00ed qued\u00f3 sellado.\"<br><br><br>Pasaron casi 42 a\u00f1os de aquel julio de 1979, y, en mayo de 2021, desde Buenos Aires, Mar\u00eda del Carmen Otero nos envi\u00f3 estas 2 maravillosas fotograf\u00edas de aquel entonces.<\/div>\r\n                                                <\/div>\r\n                                            <\/div>\r\n                                        <\/div>\r\n                                    <\/div>\r\n                                <\/div>\r\n                           <\/a>\r\n                        <\/div> <\/div>  <div class=\"oxi-image-hover-style oxi-bt-col-lg-6 oxi-bt-col-md-12 oxi-bt-col-sm-12  \"  >\r\n                        <div class=\"oxi-image-hover-style-flipbox\">\r\n                            <a  href=\"https:\/\/carballodesantamargarida.org\/robusrobur\/wp-content\/uploads\/2021\/04\/20210402_Foto-abuelo-1.jpg\">\r\n                                <div class=\"oxi-image-hover oxi-image-flipbox-hover oxi-image-flipbox-hover-style-3 oxi-image-flipbox-hover-105-3896\">\r\n                                    <div class=\"oxi-image-hover-figure  oxi-image-flip-left-to-right \">\r\n                                        <div class=\"oxi-image-hover-figure-frontend\">\r\n                                            <div class=\"oxi-image-hover-figure-front-section\">\r\n                                                <div class=\"oxi-image-hover-figure-front-section-body\">\r\n                                                    <div class=\"oxi-image-hover-figure-front-section-image-body\">\r\n                                                         <img src=\"https:\/\/carballodesantamargarida.org\/robusrobur\/wp-content\/uploads\/2021\/04\/20210402_Foto-abuelo-1.jpg\" > \r\n                                                    <\/div>\r\n                                                    <div class=\"oxi-image-hover-figure-front-section-heading-body\">\r\n                                                    <div class=\"oxi-image-hover-heading \">Jos\u00e9 V\u00e1zquez Gonz\u00e1lez (Pepe)<br>D\u00e9cada 1950-1960<\/div>\r\n                                                    <\/div>\r\n                                                <\/div>\r\n                                            <\/div>\r\n                                        <\/div>\r\n                                        <div class=\"oxi-image-hover-figure-backend\">\r\n                                            <div class=\"oxi-image-hover-figure-back-section \">\r\n                                                <div class=\"oxi-image-hover-figure-backend-section-body image-hover-align-center-center\">\r\n                                                    <div class=\"oxi-image-hover-content  \">Natural de Vilagarc\u00eda de Arousa, del barrio de Santa Margarita por adopci\u00f3n tras casarse con Mar\u00eda Luisa Piay Novoa (Maruja) en 1943.<br><br>Vivi\u00f3 felizmente all\u00ed hasta su fallecimiento en 1994.<\/div>\r\n                                                <\/div>\r\n                                            <\/div>\r\n                                        <\/div>\r\n                                    <\/div>\r\n                                <\/div>\r\n                           <\/a>\r\n                        <\/div> <\/div>   <\/div>\r\n              <\/div>\n","protected":false},"excerpt":{"rendered":"","protected":false},"author":1,"featured_media":0,"parent":0,"menu_order":0,"comment_status":"closed","ping_status":"closed","template":"","meta":[],"yoast_head":"<!-- This site is optimized with the Yoast SEO plugin v15.3 - https:\/\/yoast.com\/wordpress\/plugins\/seo\/ -->\n<title>\u00c1lbum de fotos - Roble de Santa Margarita - Carballo de Santa Margarida<\/title>\n<meta name=\"robots\" content=\"index, follow, max-snippet:-1, max-image-preview:large, max-video-preview:-1\" \/>\n<link rel=\"canonical\" href=\"https:\/\/carballodesantamargarida.org\/robusrobur\/index.php\/fotos-en-color\/\" \/>\n<meta property=\"og:locale\" content=\"es_ES\" \/>\n<meta property=\"og:type\" content=\"article\" \/>\n<meta property=\"og:title\" content=\"\u00c1lbum de fotos - Roble de Santa Margarita - Carballo de Santa Margarida\" \/>\n<meta property=\"og:url\" content=\"https:\/\/carballodesantamargarida.org\/robusrobur\/index.php\/fotos-en-color\/\" \/>\n<meta property=\"og:site_name\" content=\"Roble de Santa Margarita - Carballo de Santa Margarida\" \/>\n<meta property=\"article:publisher\" content=\"https:\/\/www.facebook.com\/ACRobusRobur\" \/>\n<meta property=\"article:modified_time\" content=\"2021-06-06T19:42:44+00:00\" \/>\n<meta property=\"og:image\" content=\"https:\/\/carballodesantamargarida.org\/robusrobur\/wp-content\/uploads\/2021\/06\/20210606_Album-de-fotos-1024x256.png\" \/>\n<meta name=\"twitter:card\" content=\"summary_large_image\" \/>\n<meta name=\"twitter:label1\" content=\"Escrito por\">\n\t<meta name=\"twitter:data1\" content=\"admin\">\n\t<meta name=\"twitter:label2\" content=\"Tiempo de lectura\">\n\t<meta name=\"twitter:data2\" content=\"0 minutos\">\n<script type=\"application\/ld+json\" class=\"yoast-schema-graph\">{\"@context\":\"https:\/\/schema.org\",\"@graph\":[{\"@type\":\"Organization\",\"@id\":\"https:\/\/carballodesantamargarida.org\/robusrobur\/#organization\",\"name\":\"Asociaci\\u00f3n Cultural Robus Robur\",\"url\":\"https:\/\/carballodesantamargarida.org\/robusrobur\/\",\"sameAs\":[\"https:\/\/www.facebook.com\/ACRobusRobur\",\"https:\/\/www.instagram.com\/robusrobur\/\",\"https:\/\/es.wikipedia.org\/wiki\/Archivo:Roble_de_Santa_Margarita.jpg\"],\"logo\":{\"@type\":\"ImageObject\",\"@id\":\"https:\/\/carballodesantamargarida.org\/robusrobur\/#logo\",\"inLanguage\":\"es\",\"url\":\"https:\/\/carballodesantamargarida.org\/robusrobur\/wp-content\/uploads\/2020\/12\/cropped-20201221_Logo-tronco-marron-con-nombre-2.jpg\",\"width\":160,\"height\":128,\"caption\":\"Asociaci\\u00f3n Cultural Robus Robur\"},\"image\":{\"@id\":\"https:\/\/carballodesantamargarida.org\/robusrobur\/#logo\"}},{\"@type\":\"WebSite\",\"@id\":\"https:\/\/carballodesantamargarida.org\/robusrobur\/#website\",\"url\":\"https:\/\/carballodesantamargarida.org\/robusrobur\/\",\"name\":\"Roble de Santa Margarita - Carballo de Santa Margarida\",\"description\":\"Patrimonio Natural y Cultural del Carballo de Santa Margarita (Robus Robur). Naturaleza, Biolog\\u00eda, zoolog\\u00eda, estaciones del a\\u00f1o, poes\\u00eda, fotograf\\u00edas, artes pl\\u00e1sticas, recuerdos familiares, historia y simbolismo el este roble. P\\u00e1gina gamificada, incluye juego del Bellota-game y reto del Bellota-game Agallas.\",\"publisher\":{\"@id\":\"https:\/\/carballodesantamargarida.org\/robusrobur\/#organization\"},\"potentialAction\":[{\"@type\":\"SearchAction\",\"target\":\"https:\/\/carballodesantamargarida.org\/robusrobur\/?s={search_term_string}\",\"query-input\":\"required name=search_term_string\"}],\"inLanguage\":\"es\"},{\"@type\":\"ImageObject\",\"@id\":\"https:\/\/carballodesantamargarida.org\/robusrobur\/index.php\/fotos-en-color\/#primaryimage\",\"inLanguage\":\"es\",\"url\":\"https:\/\/carballodesantamargarida.org\/robusrobur\/wp-content\/uploads\/2021\/06\/20210606_Album-de-fotos.png\",\"width\":1200,\"height\":300},{\"@type\":\"WebPage\",\"@id\":\"https:\/\/carballodesantamargarida.org\/robusrobur\/index.php\/fotos-en-color\/#webpage\",\"url\":\"https:\/\/carballodesantamargarida.org\/robusrobur\/index.php\/fotos-en-color\/\",\"name\":\"\\u00c1lbum de fotos - Roble de Santa Margarita - Carballo de Santa Margarida\",\"isPartOf\":{\"@id\":\"https:\/\/carballodesantamargarida.org\/robusrobur\/#website\"},\"primaryImageOfPage\":{\"@id\":\"https:\/\/carballodesantamargarida.org\/robusrobur\/index.php\/fotos-en-color\/#primaryimage\"},\"datePublished\":\"2021-05-27T18:44:41+00:00\",\"dateModified\":\"2021-06-06T19:42:44+00:00\",\"inLanguage\":\"es\",\"potentialAction\":[{\"@type\":\"ReadAction\",\"target\":[\"https:\/\/carballodesantamargarida.org\/robusrobur\/index.php\/fotos-en-color\/\"]}]}]}<\/script>\n<!-- \/ Yoast SEO plugin. -->","_links":{"self":[{"href":"https:\/\/carballodesantamargarida.org\/robusrobur\/index.php\/wp-json\/wp\/v2\/pages\/3526"}],"collection":[{"href":"https:\/\/carballodesantamargarida.org\/robusrobur\/index.php\/wp-json\/wp\/v2\/pages"}],"about":[{"href":"https:\/\/carballodesantamargarida.org\/robusrobur\/index.php\/wp-json\/wp\/v2\/types\/page"}],"author":[{"embeddable":true,"href":"https:\/\/carballodesantamargarida.org\/robusrobur\/index.php\/wp-json\/wp\/v2\/users\/1"}],"replies":[{"embeddable":true,"href":"https:\/\/carballodesantamargarida.org\/robusrobur\/index.php\/wp-json\/wp\/v2\/comments?post=3526"}],"version-history":[{"count":5,"href":"https:\/\/carballodesantamargarida.org\/robusrobur\/index.php\/wp-json\/wp\/v2\/pages\/3526\/revisions"}],"predecessor-version":[{"id":3639,"href":"https:\/\/carballodesantamargarida.org\/robusrobur\/index.php\/wp-json\/wp\/v2\/pages\/3526\/revisions\/3639"}],"wp:attachment":[{"href":"https:\/\/carballodesantamargarida.org\/robusrobur\/index.php\/wp-json\/wp\/v2\/media?parent=3526"}],"curies":[{"name":"wp","href":"https:\/\/api.w.org\/{rel}","templated":true}]}}